{"id":9,"date":"2019-05-26T23:34:34","date_gmt":"2019-05-26T23:34:34","guid":{"rendered":"https:\/\/bamberger-segelclub.de\/blog\/?page_id=9"},"modified":"2025-09-30T11:45:28","modified_gmt":"2025-09-30T09:45:28","slug":"start","status":"publish","type":"page","link":"https:\/\/bamberger-segelclub.de\/blog\/","title":{"rendered":"Start"},"content":{"rendered":"<p><div class=\"fusion-fullwidth fullwidth-box fusion-builder-row-1 has-pattern-background has-mask-background nonhundred-percent-fullwidth non-hundred-percent-height-scrolling\" style=\"--awb-border-radius-top-left:0px;--awb-border-radius-top-right:0px;--awb-border-radius-bottom-right:0px;--awb-border-radius-bottom-left:0px;--awb-margin-top:-20px;--awb-background-color:#ffffff;--awb-flex-wrap:wrap;\" ><div class=\"fusion-builder-row fusion-row\"><div class=\"fusion-layout-column fusion_builder_column fusion-builder-column-0 fusion_builder_column_1_1 1_1 fusion-one-full fusion-column-first fusion-column-last fusion-no-medium-visibility fusion-no-large-visibility\" style=\"--awb-bg-size:cover;\"><div class=\"fusion-column-wrapper fusion-column-has-shadow fusion-flex-column-wrapper-legacy\"><div class=\"fusion-text fusion-text-1\"><h1><span style=\"color: #870900;\">Herzlich willkommen<\/span><\/h1>\n<h2><span style=\"color: #870900;\">auf den Internetseiten des Bamberger Segelclub!<\/span><\/h2>\n<\/div><div class=\"fusion-text fusion-text-2\"><h6>Auf diesen Seiten k\u00f6nnen Sie sich \u00fcber vergangene und zuk\u00fcnftige Aktivit\u00e4ten des Segelclubs informieren. Unter \u203a <a href=\"https:\/\/bamberger-segelclub.de\/blog\/events\/\">Termine<\/a> finden Sie die n\u00e4chsten anstehenden Aktivit\u00e4ten.<\/h6>\n<h6>Einmal im Monat findet der \u203a <a href=\"https:\/\/www.bamberger-segelclub.de\/blog\/index.php\/seglerstammtisch\/\">Seglerstammtisch\u00a0<\/a>statt. Wir treffen uns immer am letzten Dienstag im Monat.<\/h6>\n<h6>Des Weiteren wird es in dieser Saison regelm\u00e4\u00dfig ein lockeres und unterhaltsames \u203a <a href=\"https:\/\/www.bamberger-segelclub.de\/blog\/index.php\/segeltraining-fuer-interessierte\/\">Segeltraining<\/a> f\u00fcr Vereinsmitglieder geben. Zu den konkreten Terminen bitte die Bekanntmachungen und Berichte auf diesen Seiten beachten.<\/h6>\n<h6>Zus\u00e4tzlich gibt es immer wieder, vor allem am Wochenende freies Segeln. Dann treffen sich Vereinsmitglieder am \u203a <a href=\"https:\/\/www.bamberger-segelclub.de\/blog\/index.php\/seglerstuetzpunkt\/\">Vereinsgel\u00e4nde<\/a>, um einfach drauf los zu segeln.<\/h6>\n<h6>Au\u00dferdem bieten wir unseren Mitgliedern die M\u00f6glichkeit, sich auf Ausbildungen und Pr\u00fcfungen vorzubereiten \u2013 hier laden wir ein zu einer Infoveranstaltung im Fr\u00fchjahr.<\/h6>\n<h6>Wir verstehen uns als offene Gemeinschaft von Segelsportfreunden. Als solches sind G\u00e4ste und Neumitglieder immer herzlich willkommen. Einfach \u00fcber die \u203a <a href=\"https:\/\/www.bamberger-segelclub.de\/blog\/index.php\/kontakt\/\">Kontaktseite<\/a> an den Vorstand wenden.<\/h6>\n<h6>F\u00fcr Fragen, Anregungen und W\u00fcnsche haben Sie die M\u00f6glichkeit mit uns \u203a <a href=\"https:\/\/www.bamberger-segelclub.de\/blog\/index.php\/kontakt\/\">Kontakt <\/a>auf zu nehmen.<\/h6>\n<\/div><div class=\"fusion-clearfix\"><\/div><\/div><\/div><div class=\"fusion-layout-column fusion_builder_column fusion-builder-column-1 fusion_builder_column_1_1 1_1 fusion-one-full fusion-column-first fusion-column-last fusion-no-small-visibility\" style=\"--awb-bg-size:cover;\"><div class=\"fusion-column-wrapper fusion-column-has-shadow fusion-flex-column-wrapper-legacy\"><div class=\"fusion-text fusion-text-3\"><h1><span style=\"color: #870900;\">Herzlich willkommen<\/span><\/h1>\n<h2><span style=\"color: #870900;\">auf den Internetseiten des Bamberger Segelclub!<\/span><\/h2>\n<\/div><div class=\"fusion-text fusion-text-4 awb-text-cols fusion-text-columns-2\" style=\"--awb-columns:2;--awb-column-spacing:2em;--awb-column-min-width:100px;\"><h6>Auf diesen Seiten k\u00f6nnen Sie sich \u00fcber vergangene und zuk\u00fcnftige Aktivit\u00e4ten des Segelclubs informieren. Unter \u203a <a href=\"https:\/\/bamberger-segelclub.de\/blog\/events\/\">Termine<\/a> finden Sie die n\u00e4chsten anstehenden Aktivit\u00e4ten.<\/h6>\n<h6>Des Weiteren gibt es w\u00e4hrend der Saison ein lockeres und unterhaltsames \u203a <a href=\"https:\/\/www.bamberger-segelclub.de\/blog\/index.php\/segeltraining-fuer-interessierte\/\">Segeltraining<\/a> f\u00fcr Vereinsmitglieder geben. Zu den konkreten Terminen bitte die Bekanntmachungen und Berichte auf diesen Seiten beachten. Zus\u00e4tzlich gibt es immer wieder, vor allem am Wochenende freies Segeln. Dann treffen sich Vereinsmitglieder am \u203a <a href=\"https:\/\/www.bamberger-segelclub.de\/blog\/index.php\/seglerstuetzpunkt\/\">Vereinsgel\u00e4nde<\/a>, um einfach drauf los zu segeln.<\/h6>\n<h6>Au\u00dferdem bieten wir unseren Mitgliedern die M\u00f6glichkeit, sich auf Ausbildungen und Pr\u00fcfungen vorzubereiten \u2013 hier laden wir ein zu einer Infoveranstaltung im Fr\u00fchjahr.<\/h6>\n<h6>Einmal im Monat findet der \u203a <a href=\"https:\/\/www.bamberger-segelclub.de\/blog\/index.php\/seglerstammtisch\/\">Seglerstammtisch\u00a0<\/a>statt. Wir treffen uns immer am letzten Dienstag im Monat.<\/h6>\n<h6>Wir verstehen uns als offene Gemeinschaft von Segelsportfreunden. Als solches sind G\u00e4ste und Neumitglieder immer herzlich willkommen. Einfach \u00fcber die \u203a <a href=\"https:\/\/www.bamberger-segelclub.de\/blog\/index.php\/kontakt\/\">Kontaktseite<\/a> an den Vorstand wenden.<\/h6>\n<h6>F\u00fcr Fragen, Anregungen und W\u00fcnsche haben Sie die M\u00f6glichkeit mit uns \u203a <a href=\"https:\/\/www.bamberger-segelclub.de\/blog\/index.php\/kontakt\/\">Kontakt <\/a>auf zu nehmen.<\/h6>\n<\/div><div class=\"fusion-clearfix\"><\/div><\/div><\/div><\/div><\/div><div class=\"fusion-fullwidth fullwidth-box fusion-builder-row-2 has-pattern-background has-mask-background nonhundred-percent-fullwidth non-hundred-percent-height-scrolling\" style=\"--awb-border-radius-top-left:0px;--awb-border-radius-top-right:0px;--awb-border-radius-bottom-right:0px;--awb-border-radius-bottom-left:0px;--awb-margin-top:20px;--awb-background-color:#ffffff;--awb-flex-wrap:wrap;\" ><div class=\"fusion-builder-row fusion-row\"><div class=\"fusion-layout-column fusion_builder_column fusion-builder-column-2 fusion_builder_column_1_1 1_1 fusion-one-full fusion-column-first fusion-column-last\" style=\"--awb-bg-size:cover;\"><div class=\"fusion-column-wrapper fusion-column-has-shadow fusion-flex-column-wrapper-legacy\"><div class=\"fusion-sep-clear\"><\/div><div class=\"fusion-separator fusion-full-width-sep\" style=\"margin-left: auto;margin-right: auto;width:100%;\"><\/div><div class=\"fusion-sep-clear\"><\/div><div class=\"fusion-text fusion-text-5\"><h1><span style=\"color: #870900;\">Unsere n\u00e4chsten Veranstaltungen<\/span><\/h1>\n<p>Kurzfristige \u00c4nderungen der Termine (Uhrzeiten, Veranstaltungsort) werden sowohl intern kommuniziert als auch m\u00f6glichst bald hier auf der Homepage bekannt gegeben.<\/p>\n<p><a href=\"https:\/\/bamberger-segelclub.de\/blog\/events\/\">\u00bb Hier geht es zu unserer Termin\u00fcbersicht!<\/a><\/p>\n<\/div><div class=\"fusion-clearfix\"><\/div><\/div><\/div><\/div><\/div><div class=\"fusion-fullwidth fullwidth-box fusion-builder-row-3 nonhundred-percent-fullwidth non-hundred-percent-height-scrolling\" style=\"--awb-border-radius-top-left:0px;--awb-border-radius-top-right:0px;--awb-border-radius-bottom-right:0px;--awb-border-radius-bottom-left:0px;--awb-flex-wrap:wrap;\" ><div class=\"fusion-builder-row fusion-row\"><div class=\"fusion-layout-column fusion_builder_column fusion-builder-column-3 fusion_builder_column_1_1 1_1 fusion-one-full fusion-column-first fusion-column-last\" style=\"--awb-bg-color:#ffffff;--awb-bg-color-hover:#ffffff;--awb-bg-size:cover;\"><div class=\"fusion-column-wrapper fusion-column-has-shadow fusion-flex-column-wrapper-legacy\"><div class=\"fusion-events-shortcode fusion-events-shortcode-1\" style=\"margin-left: -15.5px;margin-right: -15.5px;\"><div class=\"fusion-events-wrapper\" data-pages=\"4\"><div class=\"fusion-events-post fusion-spacing-no fusion-one-third fusion-layout-column\" style=\"padding:15.5px\"><div class=\"fusion-column-wrapper\"><div class=\"fusion-events-thumbnail hover-type-none\"><a href=\"https:\/\/bamberger-segelclub.de\/blog\/event\/2-jahresregatta-der-max-cup\/\" class=\"url\" rel=\"bookmark\" aria-label=\"2. Jahresregatta: Der Max-Cup!\"><span class=\"tribe-events-event-image\" style=\"background-image: url(https:\/\/www.bamberger-segelclub.de\/blog\/wp-content\/uploads\/2025\/05\/ar_-IMG_6039.jpg); -webkit-background-size: cover; background-size: cover; background-position: center center;\"><\/span><\/a><\/div><div class=\"fusion-events-content-wrapper\" style=\"padding:20px 20px 20px 20px;\"><div class=\"fusion-events-meta\"><h2><a href=\"https:\/\/bamberger-segelclub.de\/blog\/event\/2-jahresregatta-der-max-cup\/\" class=\"url\" rel=\"bookmark\">2. Jahresregatta: Der Max-Cup!<\/a><\/h2><h4><span class=\"tribe-event-date-start\">17 Mai @ 14:00<\/span> - <span class=\"tribe-event-time\">19:00<\/span><\/h4><\/div><div class=\"fusion-events-content\"><p>In diesem Jahr gibt es eine Neuerung \u2013 wir haben einen weiteren Regattatermin auf unserer Liste, damit die Jahresregatta terminlich flexibler wird und f\u00fcr alle Teams gleich zwei Streichergebnisse bei der Endausscheidung. Der Max-Cup, benannt nach seinem Initiator, findet an einem Sonntag statt, um auch bei den Tagen etwas Variation anbieten zu k\u00f6nnen. Also herzlich  [...]<\/p><\/div><\/div><\/div><\/div><div class=\"fusion-events-post fusion-spacing-no fusion-one-third fusion-layout-column\" style=\"padding:15.5px\"><div class=\"fusion-column-wrapper\"><div class=\"fusion-events-thumbnail hover-type-none\"><a href=\"https:\/\/bamberger-segelclub.de\/blog\/event\/segeltraining-kentertraining-2\/\" class=\"url\" rel=\"bookmark\" aria-label=\"Segeltraining: Kentertraining\"><span class=\"tribe-events-event-image\" style=\"background-image: url(https:\/\/www.bamberger-segelclub.de\/blog\/wp-content\/uploads\/2025\/10\/IMG_3083.jpg); -webkit-background-size: cover; background-size: cover; background-position: center center;\"><\/span><\/a><\/div><div class=\"fusion-events-content-wrapper\" style=\"padding:20px 20px 20px 20px;\"><div class=\"fusion-events-meta\"><h2><a href=\"https:\/\/bamberger-segelclub.de\/blog\/event\/segeltraining-kentertraining-2\/\" class=\"url\" rel=\"bookmark\">Segeltraining: Kentertraining<\/a><\/h2><h4><span class=\"tribe-event-date-start\">20 Juni @ 12:00<\/span> - <span class=\"tribe-event-time\">17:00<\/span><\/h4><\/div><div class=\"fusion-events-content\"><p>\u201eFreundschaft ist, wenn dich einer f\u00fcr gutes Schwimmen lobt, nachdem du beim Segeln gekentert bist.\u201c Werner Schneyder Ein guter Segler ist gut vorbereitet \u2013 auch auf die schlechten Situationen. Deshalb werden wir, zusammen mit der Wasserwacht, einen Nachmittag lang mit unseren Segelbooten nicht an, sondern \u00fcber das Limit gehen: Wir wollen einige Boote zum Kentern  [...]<\/p><\/div><\/div><\/div><\/div><div class=\"fusion-events-post fusion-spacing-no fusion-one-third fusion-layout-column fusion-column-last\" style=\"padding:15.5px\"><div class=\"fusion-column-wrapper\"><div class=\"fusion-events-thumbnail hover-type-none\"><a href=\"https:\/\/bamberger-segelclub.de\/blog\/event\/segeln-fuer-geniesser-endlich-wieder-aufs-boot-2\/\" class=\"url\" rel=\"bookmark\" aria-label=\"Segeln f\u00fcr Genie\u00dfer \u2013 endlich wieder auf\u2019s Boot\"><span class=\"tribe-events-event-image\" style=\"background-image: url(https:\/\/www.bamberger-segelclub.de\/blog\/wp-content\/uploads\/2025\/08\/IMG_9892.webp); -webkit-background-size: cover; background-size: cover; background-position: center center;\"><\/span><\/a><\/div><div class=\"fusion-events-content-wrapper\" style=\"padding:20px 20px 20px 20px;\"><div class=\"fusion-events-meta\"><h2><a href=\"https:\/\/bamberger-segelclub.de\/blog\/event\/segeln-fuer-geniesser-endlich-wieder-aufs-boot-2\/\" class=\"url\" rel=\"bookmark\">Segeln f\u00fcr Genie\u00dfer \u2013 endlich wieder auf\u2019s Boot<\/a><\/h2><h4><span class=\"tribe-event-date-start\">27 Juni @ 14:00<\/span> - <span class=\"tribe-event-time\">17:00<\/span><\/h4><\/div><div class=\"fusion-events-content\"><p>Am Nachmittag vor der schon traditionellen Mondscheinregatta werden wir die Boote schon an den Steg bringen, damit alle Vereinsmitglieder, die vielleicht schon\u00a0 l\u00e4nger nicht mehr auf dem Wasser waren, wieder lossegeln k\u00f6nnen \u2013 alleine oder auch mit anderen, ge\u00fcbten Skppern. Dazu gibt es gem\u00fctlich Kaffee und Kuchen. Ab 18 Uhr wird als Start zum stimmungsvollen  [...]<\/p><\/div><\/div><\/div><\/div><div class=\"fusion-clearfix\"><\/div><div class=\"fusion-clearfix\"><\/div><\/div><\/div><div class=\"fusion-clearfix\"><\/div><\/div><\/div><div class=\"fusion-layout-column fusion_builder_column fusion-builder-column-4 fusion_builder_column_1_1 1_1 fusion-one-full fusion-column-first fusion-column-last\" style=\"--awb-bg-size:cover;--awb-margin-bottom:0px;\"><div class=\"fusion-column-wrapper fusion-flex-column-wrapper-legacy\"><div class=\"fusion-sep-clear\"><\/div><div class=\"fusion-separator fusion-full-width-sep\" style=\"margin-left: auto;margin-right: auto;width:100%;\"><\/div><div class=\"fusion-sep-clear\"><\/div><div class=\"fusion-clearfix\"><\/div><\/div><\/div><\/div><\/div><div class=\"fusion-fullwidth fullwidth-box fusion-builder-row-4 nonhundred-percent-fullwidth non-hundred-percent-height-scrolling\" style=\"--awb-border-radius-top-left:0px;--awb-border-radius-top-right:0px;--awb-border-radius-bottom-right:0px;--awb-border-radius-bottom-left:0px;--awb-flex-wrap:wrap;\" ><div class=\"fusion-builder-row fusion-row\"><div class=\"fusion-layout-column fusion_builder_column fusion-builder-column-5 fusion_builder_column_1_1 1_1 fusion-one-full fusion-column-first fusion-column-last\" style=\"--awb-bg-size:cover;\"><div class=\"fusion-column-wrapper fusion-column-has-shadow fusion-flex-column-wrapper-legacy\"><div class=\"fusion-text fusion-text-6\"><h1><span style=\"color: #870900;\">News vom BaSC<\/span><\/h1>\n<\/div><div class=\"fusion-blog-shortcode fusion-blog-shortcode-1 fusion-blog-archive fusion-blog-layout-grid-wrapper fusion-blog-pagination\"><style type=\"text\/css\">.fusion-blog-shortcode-1 .fusion-blog-layout-grid .fusion-post-grid{padding:20px;}.fusion-blog-shortcode-1 .fusion-posts-container{margin-left: -20px !important; margin-right:-20px !important;}<\/style><div class=\"fusion-posts-container fusion-posts-container-pagination fusion-no-meta-info fusion-blog-rollover fusion-blog-layout-grid fusion-blog-layout-grid-3 isotope fusion-blog-equal-heights\" data-pages=\"11\" data-grid-col-space=\"40\" style=\"margin: -20px -20px 0;min-height:500px;\"><article id=\"blog-1-post-4611\" class=\"fusion-post-grid post-4611 post type-post status-publish format-standard has-post-thumbnail hentry category-veranstaltung category-verein\">\n<div class=\"fusion-post-wrapper\" style=\"background-color:rgba(255,255,255,0.68);border:1px solid #ebeaea;border-bottom-width:3px;\">\n\n\t\t\t<div class=\"fusion-flexslider flexslider fusion-flexslider-loading fusion-post-slideshow\" style=\"border-color:#ebeaea;\">\n\t\t<ul class=\"slides\">\n\t\t\t\n\t\t\t\t\t\t\t\t\t\t\t\t\t\t<li><div  class=\"fusion-image-wrapper\" aria-haspopup=\"true\">\n\t\t\t\t<img decoding=\"async\" width=\"1250\" height=\"938\" src=\"https:\/\/www.bamberger-segelclub.de\/blog\/wp-content\/uploads\/2025\/12\/IMG_3753.jpg\" class=\"attachment-full size-full wp-post-image\" alt=\"\" srcset=\"https:\/\/www.bamberger-segelclub.de\/blog\/wp-content\/uploads\/2025\/12\/IMG_3753-200x150.jpg 200w, https:\/\/www.bamberger-segelclub.de\/blog\/wp-content\/uploads\/2025\/12\/IMG_3753-400x300.jpg 400w, https:\/\/www.bamberger-segelclub.de\/blog\/wp-content\/uploads\/2025\/12\/IMG_3753-600x450.jpg 600w, https:\/\/www.bamberger-segelclub.de\/blog\/wp-content\/uploads\/2025\/12\/IMG_3753-800x600.jpg 800w, https:\/\/www.bamberger-segelclub.de\/blog\/wp-content\/uploads\/2025\/12\/IMG_3753-1200x900.jpg 1200w, https:\/\/www.bamberger-segelclub.de\/blog\/wp-content\/uploads\/2025\/12\/IMG_3753.jpg 1250w\" sizes=\"(min-width: 2200px) 100vw, (min-width: 784px) 340px, (min-width: 712px) 510px, (min-width: 640px) 712px, \" \/><div class=\"fusion-rollover\">\n\t<div class=\"fusion-rollover-content\">\n\n\t\t\t\t\n\t\t\n\t\t\t\t\t\t\t\t\t\t\t\t<h4 class=\"fusion-rollover-title\">\n\t\t\t\t\t<a class=\"fusion-rollover-title-link\" href=\"https:\/\/bamberger-segelclub.de\/blog\/jahresessen-2025\/\">\n\t\t\t\t\t\tEin gelungener Abschluss eines gelungenen Jahres \u2013 Jahresessen 2025\t\t\t\t\t<\/a>\n\t\t\t\t<\/h4>\n\t\t\t\n\t\t\t\t\t\t\t\t\t\t<div class=\"fusion-rollover-categories\"><a href=\"https:\/\/bamberger-segelclub.de\/blog\/category\/veranstaltung\/\" rel=\"tag\">Veranstaltung<\/a>, <a href=\"https:\/\/bamberger-segelclub.de\/blog\/category\/verein\/\" rel=\"tag\">Verein<\/a><\/div>\t\t\t\t\t\n\t\t\n\t\t\t\t\t\t<a class=\"fusion-link-wrapper\" href=\"https:\/\/bamberger-segelclub.de\/blog\/jahresessen-2025\/\" aria-label=\"Ein gelungener Abschluss eines gelungenen Jahres \u2013 Jahresessen 2025\"><\/a>\n\t<\/div>\n<\/div>\n<\/div>\n<\/li>\n\t\t\t\n\t\t\t\n\t\t\t\t\t\t\t\t\t\t\t\t\t\t\t\t\t\t\t\t\t\t\t\t\t\t\t\t\t\t\t\t\t\t\t\t\t\t\t\t\t\t\t\t\t\t\t\t\t\t\t\t\t\t\t\t\t\t\t\t\t\t\t\t\t\t\t\t<\/ul>\n\t<\/div>\n\t<div class=\"fusion-post-content-wrapper\" style=\"padding:30px 25px 20px 25px;\"><div class=\"fusion-post-content post-content\"><h2 class=\"blog-shortcode-post-title entry-title\"><a href=\"https:\/\/bamberger-segelclub.de\/blog\/jahresessen-2025\/\">Ein gelungener Abschluss eines gelungenen Jahres \u2013 Jahresessen 2025<\/a><\/h2><div class=\"fusion-post-content-container\"><\/div><\/div><\/div><div class=\"fusion-clearfix\"><\/div><\/div>\n<\/article>\n<article id=\"blog-1-post-4610\" class=\"fusion-post-grid post-4610 post type-post status-publish format-standard has-post-thumbnail hentry category-veranstaltung category-verein category-versammlung category-wandertag\">\n<div class=\"fusion-post-wrapper\" style=\"background-color:rgba(255,255,255,0.68);border:1px solid #ebeaea;border-bottom-width:3px;\">\n\n\t\t\t<div class=\"fusion-flexslider flexslider fusion-flexslider-loading fusion-post-slideshow\" style=\"border-color:#ebeaea;\">\n\t\t<ul class=\"slides\">\n\t\t\t\n\t\t\t\t\t\t\t\t\t\t\t\t\t\t<li><div  class=\"fusion-image-wrapper\" aria-haspopup=\"true\">\n\t\t\t\t<img decoding=\"async\" width=\"1250\" height=\"938\" src=\"https:\/\/www.bamberger-segelclub.de\/blog\/wp-content\/uploads\/2025\/12\/251108-Wandertag-2025-11-08-at-14.59.jpg\" class=\"attachment-full size-full wp-post-image\" alt=\"\" srcset=\"https:\/\/www.bamberger-segelclub.de\/blog\/wp-content\/uploads\/2025\/12\/251108-Wandertag-2025-11-08-at-14.59-200x150.jpg 200w, https:\/\/www.bamberger-segelclub.de\/blog\/wp-content\/uploads\/2025\/12\/251108-Wandertag-2025-11-08-at-14.59-400x300.jpg 400w, https:\/\/www.bamberger-segelclub.de\/blog\/wp-content\/uploads\/2025\/12\/251108-Wandertag-2025-11-08-at-14.59-600x450.jpg 600w, https:\/\/www.bamberger-segelclub.de\/blog\/wp-content\/uploads\/2025\/12\/251108-Wandertag-2025-11-08-at-14.59-800x600.jpg 800w, https:\/\/www.bamberger-segelclub.de\/blog\/wp-content\/uploads\/2025\/12\/251108-Wandertag-2025-11-08-at-14.59-1200x900.jpg 1200w, https:\/\/www.bamberger-segelclub.de\/blog\/wp-content\/uploads\/2025\/12\/251108-Wandertag-2025-11-08-at-14.59.jpg 1250w\" sizes=\"(min-width: 2200px) 100vw, (min-width: 784px) 340px, (min-width: 712px) 510px, (min-width: 640px) 712px, \" \/><div class=\"fusion-rollover\">\n\t<div class=\"fusion-rollover-content\">\n\n\t\t\t\t\n\t\t\n\t\t\t\t\t\t\t\t\t\t\t\t<h4 class=\"fusion-rollover-title\">\n\t\t\t\t\t<a class=\"fusion-rollover-title-link\" href=\"https:\/\/bamberger-segelclub.de\/blog\/wandertag-2025\/\">\n\t\t\t\t\t\tHinauf zum Zeiler K\u00e4ppele \u2013 Wandertag 2025\t\t\t\t\t<\/a>\n\t\t\t\t<\/h4>\n\t\t\t\n\t\t\t\t\t\t\t\t\t\t<div class=\"fusion-rollover-categories\"><a href=\"https:\/\/bamberger-segelclub.de\/blog\/category\/veranstaltung\/\" rel=\"tag\">Veranstaltung<\/a>, <a href=\"https:\/\/bamberger-segelclub.de\/blog\/category\/verein\/\" rel=\"tag\">Verein<\/a>, <a href=\"https:\/\/bamberger-segelclub.de\/blog\/category\/versammlung\/\" rel=\"tag\">Versammlung<\/a>, <a href=\"https:\/\/bamberger-segelclub.de\/blog\/category\/wandertag\/\" rel=\"tag\">Wandertag<\/a><\/div>\t\t\t\t\t\n\t\t\n\t\t\t\t\t\t<a class=\"fusion-link-wrapper\" href=\"https:\/\/bamberger-segelclub.de\/blog\/wandertag-2025\/\" aria-label=\"Hinauf zum Zeiler K\u00e4ppele \u2013 Wandertag 2025\"><\/a>\n\t<\/div>\n<\/div>\n<\/div>\n<\/li>\n\t\t\t\n\t\t\t\n\t\t\t\t\t\t\t\t\t\t\t\t\t\t\t\t\t\t\t\t\t\t\t\t\t\t\t\t\t\t\t\t\t\t\t\t\t\t\t\t\t\t\t\t\t\t\t\t\t\t\t\t\t\t\t\t\t\t\t\t\t\t\t\t\t\t\t\t<\/ul>\n\t<\/div>\n\t<div class=\"fusion-post-content-wrapper\" style=\"padding:30px 25px 20px 25px;\"><div class=\"fusion-post-content post-content\"><h2 class=\"blog-shortcode-post-title entry-title\"><a href=\"https:\/\/bamberger-segelclub.de\/blog\/wandertag-2025\/\">Hinauf zum Zeiler K\u00e4ppele \u2013 Wandertag 2025<\/a><\/h2><div class=\"fusion-post-content-container\"><\/div><\/div><\/div><div class=\"fusion-clearfix\"><\/div><\/div>\n<\/article>\n<article id=\"blog-1-post-4573\" class=\"fusion-post-grid post-4573 post type-post status-publish format-standard has-post-thumbnail hentry category-aktion category-verein\">\n<div class=\"fusion-post-wrapper\" style=\"background-color:rgba(255,255,255,0.68);border:1px solid #ebeaea;border-bottom-width:3px;\">\n\n\t\t\t<div class=\"fusion-flexslider flexslider fusion-flexslider-loading fusion-post-slideshow\" style=\"border-color:#ebeaea;\">\n\t\t<ul class=\"slides\">\n\t\t\t\n\t\t\t\t\t\t\t\t\t\t\t\t\t\t<li><div  class=\"fusion-image-wrapper\" aria-haspopup=\"true\">\n\t\t\t\t<img decoding=\"async\" width=\"1250\" height=\"938\" src=\"https:\/\/www.bamberger-segelclub.de\/blog\/wp-content\/uploads\/2025\/11\/IMG_0431.jpg\" class=\"attachment-full size-full wp-post-image\" alt=\"\" srcset=\"https:\/\/www.bamberger-segelclub.de\/blog\/wp-content\/uploads\/2025\/11\/IMG_0431-200x150.jpg 200w, https:\/\/www.bamberger-segelclub.de\/blog\/wp-content\/uploads\/2025\/11\/IMG_0431-400x300.jpg 400w, https:\/\/www.bamberger-segelclub.de\/blog\/wp-content\/uploads\/2025\/11\/IMG_0431-600x450.jpg 600w, https:\/\/www.bamberger-segelclub.de\/blog\/wp-content\/uploads\/2025\/11\/IMG_0431-800x600.jpg 800w, https:\/\/www.bamberger-segelclub.de\/blog\/wp-content\/uploads\/2025\/11\/IMG_0431-1200x900.jpg 1200w, https:\/\/www.bamberger-segelclub.de\/blog\/wp-content\/uploads\/2025\/11\/IMG_0431.jpg 1250w\" sizes=\"(min-width: 2200px) 100vw, (min-width: 784px) 340px, (min-width: 712px) 510px, (min-width: 640px) 712px, \" \/><div class=\"fusion-rollover\">\n\t<div class=\"fusion-rollover-content\">\n\n\t\t\t\t\n\t\t\n\t\t\t\t\t\t\t\t\t\t\t\t<h4 class=\"fusion-rollover-title\">\n\t\t\t\t\t<a class=\"fusion-rollover-title-link\" href=\"https:\/\/bamberger-segelclub.de\/blog\/und-wieder-eine-saison-vorbei-stegabbau-2025\/\">\n\t\t\t\t\t\t&#8230; und wieder eine Saison vorbei &#8230; \u2013 Stegabbau 2025\t\t\t\t\t<\/a>\n\t\t\t\t<\/h4>\n\t\t\t\n\t\t\t\t\t\t\t\t\t\t<div class=\"fusion-rollover-categories\"><a href=\"https:\/\/bamberger-segelclub.de\/blog\/category\/aktion\/\" rel=\"tag\">Aktion<\/a>, <a href=\"https:\/\/bamberger-segelclub.de\/blog\/category\/verein\/\" rel=\"tag\">Verein<\/a><\/div>\t\t\t\t\t\n\t\t\n\t\t\t\t\t\t<a class=\"fusion-link-wrapper\" href=\"https:\/\/bamberger-segelclub.de\/blog\/und-wieder-eine-saison-vorbei-stegabbau-2025\/\" aria-label=\"&#8230; und wieder eine Saison vorbei &#8230; \u2013 Stegabbau 2025\"><\/a>\n\t<\/div>\n<\/div>\n<\/div>\n<\/li>\n\t\t\t\n\t\t\t\n\t\t\t\t\t\t\t\t\t\t\t\t\t\t\t\t\t\t\t\t\t\t\t\t\t\t\t\t\t\t\t\t\t\t\t\t\t\t\t\t\t\t\t\t\t\t\t\t\t\t\t\t\t\t\t\t\t\t\t\t\t\t\t\t\t\t\t\t<\/ul>\n\t<\/div>\n\t<div class=\"fusion-post-content-wrapper\" style=\"padding:30px 25px 20px 25px;\"><div class=\"fusion-post-content post-content\"><h2 class=\"blog-shortcode-post-title entry-title\"><a href=\"https:\/\/bamberger-segelclub.de\/blog\/und-wieder-eine-saison-vorbei-stegabbau-2025\/\">&#8230; und wieder eine Saison vorbei &#8230; \u2013 Stegabbau 2025<\/a><\/h2><div class=\"fusion-post-content-container\"><\/div><\/div><\/div><div class=\"fusion-clearfix\"><\/div><\/div>\n<\/article>\n<article id=\"blog-1-post-4532\" class=\"fusion-post-grid post-4532 post type-post status-publish format-standard has-post-thumbnail hentry category-uncategorized\">\n<div class=\"fusion-post-wrapper\" style=\"background-color:rgba(255,255,255,0.68);border:1px solid #ebeaea;border-bottom-width:3px;\">\n\n\t\t\t<div class=\"fusion-flexslider flexslider fusion-flexslider-loading fusion-post-slideshow\" style=\"border-color:#ebeaea;\">\n\t\t<ul class=\"slides\">\n\t\t\t\n\t\t\t\t\t\t\t\t\t\t\t\t\t\t<li><div  class=\"fusion-image-wrapper\" aria-haspopup=\"true\">\n\t\t\t\t<img decoding=\"async\" width=\"1250\" height=\"938\" src=\"https:\/\/www.bamberger-segelclub.de\/blog\/wp-content\/uploads\/2025\/10\/IMG_3083.jpg\" class=\"attachment-full size-full wp-post-image\" alt=\"\" srcset=\"https:\/\/www.bamberger-segelclub.de\/blog\/wp-content\/uploads\/2025\/10\/IMG_3083-200x150.jpg 200w, https:\/\/www.bamberger-segelclub.de\/blog\/wp-content\/uploads\/2025\/10\/IMG_3083-400x300.jpg 400w, https:\/\/www.bamberger-segelclub.de\/blog\/wp-content\/uploads\/2025\/10\/IMG_3083-600x450.jpg 600w, https:\/\/www.bamberger-segelclub.de\/blog\/wp-content\/uploads\/2025\/10\/IMG_3083-800x600.jpg 800w, https:\/\/www.bamberger-segelclub.de\/blog\/wp-content\/uploads\/2025\/10\/IMG_3083-1200x900.jpg 1200w, https:\/\/www.bamberger-segelclub.de\/blog\/wp-content\/uploads\/2025\/10\/IMG_3083.jpg 1250w\" sizes=\"(min-width: 2200px) 100vw, (min-width: 784px) 340px, (min-width: 712px) 510px, (min-width: 640px) 712px, \" \/><div class=\"fusion-rollover\">\n\t<div class=\"fusion-rollover-content\">\n\n\t\t\t\t\n\t\t\n\t\t\t\t\t\t\t\t\t\t\t\t<h4 class=\"fusion-rollover-title\">\n\t\t\t\t\t<a class=\"fusion-rollover-title-link\" href=\"https:\/\/bamberger-segelclub.de\/blog\/wer-nie-ueber-seine-grenzen-geht-bleibt-immer-unter-seinen-moeglichkeiten-absegeln-bei-8-beaufort\/\">\n\t\t\t\t\t\t\u00bbWer nie \u00fcber seine Grenzen geht, bleibt immer unter seinen M\u00f6glichkeiten.\u00ab Absegeln bei 8 Beaufort\t\t\t\t\t<\/a>\n\t\t\t\t<\/h4>\n\t\t\t\n\t\t\t\t\t\t\t\t\t\t<div class=\"fusion-rollover-categories\"><a href=\"https:\/\/bamberger-segelclub.de\/blog\/category\/uncategorized\/\" rel=\"tag\">Regatta<\/a><\/div>\t\t\t\t\t\n\t\t\n\t\t\t\t\t\t<a class=\"fusion-link-wrapper\" href=\"https:\/\/bamberger-segelclub.de\/blog\/wer-nie-ueber-seine-grenzen-geht-bleibt-immer-unter-seinen-moeglichkeiten-absegeln-bei-8-beaufort\/\" aria-label=\"\u00bbWer nie \u00fcber seine Grenzen geht, bleibt immer unter seinen M\u00f6glichkeiten.\u00ab Absegeln bei 8 Beaufort\"><\/a>\n\t<\/div>\n<\/div>\n<\/div>\n<\/li>\n\t\t\t\n\t\t\t\n\t\t\t\t\t\t\t\t\t\t\t\t\t\t\t\t\t\t\t\t\t\t\t\t\t\t\t\t\t\t\t\t\t\t\t\t\t\t\t\t\t\t\t\t\t\t\t\t\t\t\t\t\t\t\t\t\t\t\t\t\t\t\t\t\t\t\t\t<\/ul>\n\t<\/div>\n\t<div class=\"fusion-post-content-wrapper\" style=\"padding:30px 25px 20px 25px;\"><div class=\"fusion-post-content post-content\"><h2 class=\"blog-shortcode-post-title entry-title\"><a href=\"https:\/\/bamberger-segelclub.de\/blog\/wer-nie-ueber-seine-grenzen-geht-bleibt-immer-unter-seinen-moeglichkeiten-absegeln-bei-8-beaufort\/\">\u00bbWer nie \u00fcber seine Grenzen geht, bleibt immer unter seinen M\u00f6glichkeiten.\u00ab Absegeln bei 8 Beaufort<\/a><\/h2><div class=\"fusion-post-content-container\"><\/div><\/div><\/div><div class=\"fusion-clearfix\"><\/div><\/div>\n<\/article>\n<article id=\"blog-1-post-4458\" class=\"fusion-post-grid post-4458 post type-post status-publish format-standard has-post-thumbnail hentry category-uncategorized category-segeln\">\n<div class=\"fusion-post-wrapper\" style=\"background-color:rgba(255,255,255,0.68);border:1px solid #ebeaea;border-bottom-width:3px;\">\n\n\t\t\t<div class=\"fusion-flexslider flexslider fusion-flexslider-loading fusion-post-slideshow\" style=\"border-color:#ebeaea;\">\n\t\t<ul class=\"slides\">\n\t\t\t\n\t\t\t\t\t\t\t\t\t\t\t\t\t\t<li><div  class=\"fusion-image-wrapper\" aria-haspopup=\"true\">\n\t\t\t\t<img decoding=\"async\" width=\"1250\" height=\"938\" src=\"https:\/\/www.bamberger-segelclub.de\/blog\/wp-content\/uploads\/2025\/10\/IMG_2258.jpg\" class=\"attachment-full size-full wp-post-image\" alt=\"\" srcset=\"https:\/\/www.bamberger-segelclub.de\/blog\/wp-content\/uploads\/2025\/10\/IMG_2258-200x150.jpg 200w, https:\/\/www.bamberger-segelclub.de\/blog\/wp-content\/uploads\/2025\/10\/IMG_2258-400x300.jpg 400w, https:\/\/www.bamberger-segelclub.de\/blog\/wp-content\/uploads\/2025\/10\/IMG_2258-600x450.jpg 600w, https:\/\/www.bamberger-segelclub.de\/blog\/wp-content\/uploads\/2025\/10\/IMG_2258-800x600.jpg 800w, https:\/\/www.bamberger-segelclub.de\/blog\/wp-content\/uploads\/2025\/10\/IMG_2258-1200x900.jpg 1200w, https:\/\/www.bamberger-segelclub.de\/blog\/wp-content\/uploads\/2025\/10\/IMG_2258.jpg 1250w\" sizes=\"(min-width: 2200px) 100vw, (min-width: 784px) 340px, (min-width: 712px) 510px, (min-width: 640px) 712px, \" \/><div class=\"fusion-rollover\">\n\t<div class=\"fusion-rollover-content\">\n\n\t\t\t\t\n\t\t\n\t\t\t\t\t\t\t\t\t\t\t\t<h4 class=\"fusion-rollover-title\">\n\t\t\t\t\t<a class=\"fusion-rollover-title-link\" href=\"https:\/\/bamberger-segelclub.de\/blog\/bamberger-segelmeisterschaften-fuer-vereine-und-externe-bamberg-open\/\">\n\t\t\t\t\t\tBamberger Segelmeisterschaften f\u00fcr Vereine und Externe \/ Bamberg Open\t\t\t\t\t<\/a>\n\t\t\t\t<\/h4>\n\t\t\t\n\t\t\t\t\t\t\t\t\t\t<div class=\"fusion-rollover-categories\"><a href=\"https:\/\/bamberger-segelclub.de\/blog\/category\/uncategorized\/\" rel=\"tag\">Regatta<\/a>, <a href=\"https:\/\/bamberger-segelclub.de\/blog\/category\/segeln\/\" rel=\"tag\">Segeln<\/a><\/div>\t\t\t\t\t\n\t\t\n\t\t\t\t\t\t<a class=\"fusion-link-wrapper\" href=\"https:\/\/bamberger-segelclub.de\/blog\/bamberger-segelmeisterschaften-fuer-vereine-und-externe-bamberg-open\/\" aria-label=\"Bamberger Segelmeisterschaften f\u00fcr Vereine und Externe \/ Bamberg Open\"><\/a>\n\t<\/div>\n<\/div>\n<\/div>\n<\/li>\n\t\t\t\n\t\t\t\n\t\t\t\t\t\t\t\t\t\t\t\t\t\t\t\t\t\t\t\t\t\t\t\t\t\t\t\t\t\t\t\t\t\t\t\t\t\t\t\t\t\t\t\t\t\t\t\t\t\t\t\t\t\t\t\t\t\t\t\t\t\t\t\t\t\t\t\t<\/ul>\n\t<\/div>\n\t<div class=\"fusion-post-content-wrapper\" style=\"padding:30px 25px 20px 25px;\"><div class=\"fusion-post-content post-content\"><h2 class=\"blog-shortcode-post-title entry-title\"><a href=\"https:\/\/bamberger-segelclub.de\/blog\/bamberger-segelmeisterschaften-fuer-vereine-und-externe-bamberg-open\/\">Bamberger Segelmeisterschaften f\u00fcr Vereine und Externe \/ Bamberg Open<\/a><\/h2><div class=\"fusion-post-content-container\"><\/div><\/div><\/div><div class=\"fusion-clearfix\"><\/div><\/div>\n<\/article>\n<article id=\"blog-1-post-4144\" class=\"fusion-post-grid post-4144 post type-post status-publish format-standard has-post-thumbnail hentry category-segeln category-toern category-verein\">\n<div class=\"fusion-post-wrapper\" style=\"background-color:rgba(255,255,255,0.68);border:1px solid #ebeaea;border-bottom-width:3px;\">\n\n\t\t\t<div class=\"fusion-flexslider flexslider fusion-flexslider-loading fusion-post-slideshow\" style=\"border-color:#ebeaea;\">\n\t\t<ul class=\"slides\">\n\t\t\t\n\t\t\t\t\t\t\t\t\t\t\t\t\t\t<li><div  class=\"fusion-image-wrapper\" aria-haspopup=\"true\">\n\t\t\t\t<img decoding=\"async\" width=\"1250\" height=\"938\" src=\"https:\/\/www.bamberger-segelclub.de\/blog\/wp-content\/uploads\/2025\/09\/IMG_7636-1.jpg\" class=\"attachment-full size-full wp-post-image\" alt=\"\" srcset=\"https:\/\/www.bamberger-segelclub.de\/blog\/wp-content\/uploads\/2025\/09\/IMG_7636-1-200x150.jpg 200w, https:\/\/www.bamberger-segelclub.de\/blog\/wp-content\/uploads\/2025\/09\/IMG_7636-1-400x300.jpg 400w, https:\/\/www.bamberger-segelclub.de\/blog\/wp-content\/uploads\/2025\/09\/IMG_7636-1-600x450.jpg 600w, https:\/\/www.bamberger-segelclub.de\/blog\/wp-content\/uploads\/2025\/09\/IMG_7636-1-800x600.jpg 800w, https:\/\/www.bamberger-segelclub.de\/blog\/wp-content\/uploads\/2025\/09\/IMG_7636-1-1200x900.jpg 1200w, https:\/\/www.bamberger-segelclub.de\/blog\/wp-content\/uploads\/2025\/09\/IMG_7636-1.jpg 1250w\" sizes=\"(min-width: 2200px) 100vw, (min-width: 784px) 340px, (min-width: 712px) 510px, (min-width: 640px) 712px, \" \/><div class=\"fusion-rollover\">\n\t<div class=\"fusion-rollover-content\">\n\n\t\t\t\t\n\t\t\n\t\t\t\t\t\t\t\t\t\t\t\t<h4 class=\"fusion-rollover-title\">\n\t\t\t\t\t<a class=\"fusion-rollover-title-link\" href=\"https:\/\/bamberger-segelclub.de\/blog\/tusind-tak-for-den-fantastiske-sejltur-flensburger-foerde-und-daenische-suedsee-auf-dem-vereinstorn-2025\/\">\n\t\t\t\t\t\tTusind tak for den fantastiske sejltur \u2013 Flensburger F\u00f6rde und D\u00e4nische S\u00fcdsee auf dem Vereinst\u00f8rn 2025\t\t\t\t\t<\/a>\n\t\t\t\t<\/h4>\n\t\t\t\n\t\t\t\t\t\t\t\t\t\t<div class=\"fusion-rollover-categories\"><a href=\"https:\/\/bamberger-segelclub.de\/blog\/category\/segeln\/\" rel=\"tag\">Segeln<\/a>, <a href=\"https:\/\/bamberger-segelclub.de\/blog\/category\/toern\/\" rel=\"tag\">T\u00f6rn<\/a>, <a href=\"https:\/\/bamberger-segelclub.de\/blog\/category\/verein\/\" rel=\"tag\">Verein<\/a><\/div>\t\t\t\t\t\n\t\t\n\t\t\t\t\t\t<a class=\"fusion-link-wrapper\" href=\"https:\/\/bamberger-segelclub.de\/blog\/tusind-tak-for-den-fantastiske-sejltur-flensburger-foerde-und-daenische-suedsee-auf-dem-vereinstorn-2025\/\" aria-label=\"Tusind tak for den fantastiske sejltur \u2013 Flensburger F\u00f6rde und D\u00e4nische S\u00fcdsee auf dem Vereinst\u00f8rn 2025\"><\/a>\n\t<\/div>\n<\/div>\n<\/div>\n<\/li>\n\t\t\t\n\t\t\t\n\t\t\t\t\t\t\t\t\t\t\t\t\t\t\t\t\t\t\t\t\t\t\t\t\t\t\t\t\t\t\t\t\t\t\t\t\t\t\t\t\t\t\t\t\t\t\t\t\t\t\t\t\t\t\t\t\t\t\t\t\t\t\t\t\t\t\t\t<\/ul>\n\t<\/div>\n\t<div class=\"fusion-post-content-wrapper\" style=\"padding:30px 25px 20px 25px;\"><div class=\"fusion-post-content post-content\"><h2 class=\"blog-shortcode-post-title entry-title\"><a href=\"https:\/\/bamberger-segelclub.de\/blog\/tusind-tak-for-den-fantastiske-sejltur-flensburger-foerde-und-daenische-suedsee-auf-dem-vereinstorn-2025\/\">Tusind tak for den fantastiske sejltur \u2013 Flensburger F\u00f6rde und D\u00e4nische S\u00fcdsee auf dem Vereinst\u00f8rn 2025<\/a><\/h2><div class=\"fusion-post-content-container\"><\/div><\/div><\/div><div class=\"fusion-clearfix\"><\/div><\/div>\n<\/article>\n<article id=\"blog-1-post-4022\" class=\"fusion-post-grid post-4022 post type-post status-publish format-standard has-post-thumbnail hentry category-segeln category-veranstaltung category-verein\">\n<div class=\"fusion-post-wrapper\" style=\"background-color:rgba(255,255,255,0.68);border:1px solid #ebeaea;border-bottom-width:3px;\">\n\n\t\t\t<div class=\"fusion-flexslider flexslider fusion-flexslider-loading fusion-post-slideshow\" style=\"border-color:#ebeaea;\">\n\t\t<ul class=\"slides\">\n\t\t\t\n\t\t\t\t\t\t\t\t\t\t\t\t\t\t<li><div  class=\"fusion-image-wrapper\" aria-haspopup=\"true\">\n\t\t\t\t<img decoding=\"async\" width=\"1250\" height=\"938\" src=\"https:\/\/www.bamberger-segelclub.de\/blog\/wp-content\/uploads\/2025\/08\/IMG_9965.webp\" class=\"attachment-full size-full wp-post-image\" alt=\"\" srcset=\"https:\/\/www.bamberger-segelclub.de\/blog\/wp-content\/uploads\/2025\/08\/IMG_9965-200x150.webp 200w, https:\/\/www.bamberger-segelclub.de\/blog\/wp-content\/uploads\/2025\/08\/IMG_9965-300x225.webp 300w, https:\/\/www.bamberger-segelclub.de\/blog\/wp-content\/uploads\/2025\/08\/IMG_9965-400x300.webp 400w, https:\/\/www.bamberger-segelclub.de\/blog\/wp-content\/uploads\/2025\/08\/IMG_9965-600x450.webp 600w, https:\/\/www.bamberger-segelclub.de\/blog\/wp-content\/uploads\/2025\/08\/IMG_9965-768x576.webp 768w, https:\/\/www.bamberger-segelclub.de\/blog\/wp-content\/uploads\/2025\/08\/IMG_9965-800x600.webp 800w, https:\/\/www.bamberger-segelclub.de\/blog\/wp-content\/uploads\/2025\/08\/IMG_9965-1024x768.webp 1024w, https:\/\/www.bamberger-segelclub.de\/blog\/wp-content\/uploads\/2025\/08\/IMG_9965-1200x900.webp 1200w, https:\/\/www.bamberger-segelclub.de\/blog\/wp-content\/uploads\/2025\/08\/IMG_9965.webp 1250w\" sizes=\"(min-width: 2200px) 100vw, (min-width: 784px) 340px, (min-width: 712px) 510px, (min-width: 640px) 712px, \" \/><div class=\"fusion-rollover\">\n\t<div class=\"fusion-rollover-content\">\n\n\t\t\t\t\n\t\t\n\t\t\t\t\t\t\t\t\t\t\t\t<h4 class=\"fusion-rollover-title\">\n\t\t\t\t\t<a class=\"fusion-rollover-title-link\" href=\"https:\/\/bamberger-segelclub.de\/blog\/kaiserwetter-und-kaiserschmarrn-unser-brombachsee-wochenende-2025\/\">\n\t\t\t\t\t\tKaiserwetter und Kaiserschmarrn \u2013 Unser Brombachsee-Wochenende 2025\t\t\t\t\t<\/a>\n\t\t\t\t<\/h4>\n\t\t\t\n\t\t\t\t\t\t\t\t\t\t<div class=\"fusion-rollover-categories\"><a href=\"https:\/\/bamberger-segelclub.de\/blog\/category\/segeln\/\" rel=\"tag\">Segeln<\/a>, <a href=\"https:\/\/bamberger-segelclub.de\/blog\/category\/veranstaltung\/\" rel=\"tag\">Veranstaltung<\/a>, <a href=\"https:\/\/bamberger-segelclub.de\/blog\/category\/verein\/\" rel=\"tag\">Verein<\/a><\/div>\t\t\t\t\t\n\t\t\n\t\t\t\t\t\t<a class=\"fusion-link-wrapper\" href=\"https:\/\/bamberger-segelclub.de\/blog\/kaiserwetter-und-kaiserschmarrn-unser-brombachsee-wochenende-2025\/\" aria-label=\"Kaiserwetter und Kaiserschmarrn \u2013 Unser Brombachsee-Wochenende 2025\"><\/a>\n\t<\/div>\n<\/div>\n<\/div>\n<\/li>\n\t\t\t\n\t\t\t\n\t\t\t\t\t\t\t\t\t\t\t\t\t\t\t\t\t\t\t\t\t\t\t\t\t\t\t\t\t\t\t\t\t\t\t\t\t\t\t\t\t\t\t\t\t\t\t\t\t\t\t\t\t\t\t\t\t\t\t\t\t\t\t\t\t\t\t\t<\/ul>\n\t<\/div>\n\t<div class=\"fusion-post-content-wrapper\" style=\"padding:30px 25px 20px 25px;\"><div class=\"fusion-post-content post-content\"><h2 class=\"blog-shortcode-post-title entry-title\"><a href=\"https:\/\/bamberger-segelclub.de\/blog\/kaiserwetter-und-kaiserschmarrn-unser-brombachsee-wochenende-2025\/\">Kaiserwetter und Kaiserschmarrn \u2013 Unser Brombachsee-Wochenende 2025<\/a><\/h2><div class=\"fusion-post-content-container\"><\/div><\/div><\/div><div class=\"fusion-clearfix\"><\/div><\/div>\n<\/article>\n<article id=\"blog-1-post-4007\" class=\"fusion-post-grid post-4007 post type-post status-publish format-standard has-post-thumbnail hentry category-uncategorized category-segeln category-veranstaltung category-verein\">\n<div class=\"fusion-post-wrapper\" style=\"background-color:rgba(255,255,255,0.68);border:1px solid #ebeaea;border-bottom-width:3px;\">\n\n\t\t\t<div class=\"fusion-flexslider flexslider fusion-flexslider-loading fusion-post-slideshow\" style=\"border-color:#ebeaea;\">\n\t\t<ul class=\"slides\">\n\t\t\t\n\t\t\t\t\t\t\t\t\t\t\t\t\t\t<li><div  class=\"fusion-image-wrapper\" aria-haspopup=\"true\">\n\t\t\t\t<img decoding=\"async\" width=\"1250\" height=\"938\" src=\"https:\/\/www.bamberger-segelclub.de\/blog\/wp-content\/uploads\/2025\/08\/IMG_9886.webp\" class=\"attachment-full size-full wp-post-image\" alt=\"\" srcset=\"https:\/\/www.bamberger-segelclub.de\/blog\/wp-content\/uploads\/2025\/08\/IMG_9886-200x150.webp 200w, https:\/\/www.bamberger-segelclub.de\/blog\/wp-content\/uploads\/2025\/08\/IMG_9886-300x225.webp 300w, https:\/\/www.bamberger-segelclub.de\/blog\/wp-content\/uploads\/2025\/08\/IMG_9886-400x300.webp 400w, https:\/\/www.bamberger-segelclub.de\/blog\/wp-content\/uploads\/2025\/08\/IMG_9886-600x450.webp 600w, https:\/\/www.bamberger-segelclub.de\/blog\/wp-content\/uploads\/2025\/08\/IMG_9886-768x576.webp 768w, https:\/\/www.bamberger-segelclub.de\/blog\/wp-content\/uploads\/2025\/08\/IMG_9886-800x600.webp 800w, https:\/\/www.bamberger-segelclub.de\/blog\/wp-content\/uploads\/2025\/08\/IMG_9886-1024x768.webp 1024w, https:\/\/www.bamberger-segelclub.de\/blog\/wp-content\/uploads\/2025\/08\/IMG_9886-1200x900.webp 1200w, https:\/\/www.bamberger-segelclub.de\/blog\/wp-content\/uploads\/2025\/08\/IMG_9886.webp 1250w\" sizes=\"(min-width: 2200px) 100vw, (min-width: 784px) 340px, (min-width: 712px) 510px, (min-width: 640px) 712px, \" \/><div class=\"fusion-rollover\">\n\t<div class=\"fusion-rollover-content\">\n\n\t\t\t\t\n\t\t\n\t\t\t\t\t\t\t\t\t\t\t\t<h4 class=\"fusion-rollover-title\">\n\t\t\t\t\t<a class=\"fusion-rollover-title-link\" href=\"https:\/\/bamberger-segelclub.de\/blog\/was-fuer-ein-schoener-abend-basc-sommerfest-mit-wichtel-regatta\/\">\n\t\t\t\t\t\tWas f\u00fcr ein sch\u00f6ner Abend! BASC-Sommerfest mit Wichtel-Regatta\t\t\t\t\t<\/a>\n\t\t\t\t<\/h4>\n\t\t\t\n\t\t\t\t\t\t\t\t\t\t<div class=\"fusion-rollover-categories\"><a href=\"https:\/\/bamberger-segelclub.de\/blog\/category\/uncategorized\/\" rel=\"tag\">Regatta<\/a>, <a href=\"https:\/\/bamberger-segelclub.de\/blog\/category\/segeln\/\" rel=\"tag\">Segeln<\/a>, <a href=\"https:\/\/bamberger-segelclub.de\/blog\/category\/veranstaltung\/\" rel=\"tag\">Veranstaltung<\/a>, <a href=\"https:\/\/bamberger-segelclub.de\/blog\/category\/verein\/\" rel=\"tag\">Verein<\/a><\/div>\t\t\t\t\t\n\t\t\n\t\t\t\t\t\t<a class=\"fusion-link-wrapper\" href=\"https:\/\/bamberger-segelclub.de\/blog\/was-fuer-ein-schoener-abend-basc-sommerfest-mit-wichtel-regatta\/\" aria-label=\"Was f\u00fcr ein sch\u00f6ner Abend! BASC-Sommerfest mit Wichtel-Regatta\"><\/a>\n\t<\/div>\n<\/div>\n<\/div>\n<\/li>\n\t\t\t\n\t\t\t\n\t\t\t\t\t\t\t\t\t\t\t\t\t\t\t\t\t\t\t\t\t\t\t\t\t\t\t\t\t\t\t\t\t\t\t\t\t\t\t\t\t\t\t\t\t\t\t\t\t\t\t\t\t\t\t\t\t\t\t\t\t\t\t\t\t\t\t\t<\/ul>\n\t<\/div>\n\t<div class=\"fusion-post-content-wrapper\" style=\"padding:30px 25px 20px 25px;\"><div class=\"fusion-post-content post-content\"><h2 class=\"blog-shortcode-post-title entry-title\"><a href=\"https:\/\/bamberger-segelclub.de\/blog\/was-fuer-ein-schoener-abend-basc-sommerfest-mit-wichtel-regatta\/\">Was f\u00fcr ein sch\u00f6ner Abend! BASC-Sommerfest mit Wichtel-Regatta<\/a><\/h2><div class=\"fusion-post-content-container\"><\/div><\/div><\/div><div class=\"fusion-clearfix\"><\/div><\/div>\n<\/article>\n<div class=\"fusion-clearfix\"><\/div><\/div><div class=\"pagination clearfix\"><span class=\"current\">1<\/span><a href=\"https:\/\/bamberger-segelclub.de\/blog\/wp-json\/wp\/v2\/pages\/9\/page\/2\/\" class=\"inactive\">2<\/a><a class=\"pagination-next\" rel=\"next\" href=\"https:\/\/bamberger-segelclub.de\/blog\/wp-json\/wp\/v2\/pages\/9\/page\/2\/\"><span class=\"page-text\">Vor<\/span><span class=\"page-next\"><\/span><\/a><\/div><div class=\"fusion-clearfix\"><\/div><\/div><div class=\"fusion-clearfix\"><\/div><\/div><\/div><\/div><\/div><div class=\"fusion-fullwidth fullwidth-box fusion-builder-row-5 nonhundred-percent-fullwidth non-hundred-percent-height-scrolling\" style=\"--awb-border-radius-top-left:0px;--awb-border-radius-top-right:0px;--awb-border-radius-bottom-right:0px;--awb-border-radius-bottom-left:0px;--awb-margin-top:25px;--awb-flex-wrap:wrap;\" ><div class=\"fusion-builder-row fusion-row\"><div class=\"fusion-layout-column fusion_builder_column fusion-builder-column-6 fusion_builder_column_1_1 1_1 fusion-one-full fusion-column-first fusion-column-last\" style=\"--awb-bg-size:cover;\"><div class=\"fusion-column-wrapper fusion-column-has-shadow fusion-flex-column-wrapper-legacy\"><div class=\"fusion-text fusion-text-7\"><p><iframe src=\"https:\/\/embed.windy.com\/embed2.html?lat=49.993&amp;lon=10.584&amp;detailLat=49.910&amp;detailLon=10.889&amp;width=1040&amp;height=400&amp;zoom=11&amp;level=surface&amp;overlay=wind&amp;product=ecmwf&amp;menu=&amp;message=&amp;marker=true&amp;calendar=now&amp;pressure=true&amp;type=map&amp;location=coordinates&amp;detail=&amp;metricWind=bft&amp;metricTemp=default&amp;radarRange=-1\" width=\"1040\" height=\"400\" frameborder=\"0\"><\/iframe><\/p>\n<\/div><div class=\"fusion-clearfix\"><\/div><\/div><\/div><\/div><\/div><\/p>\n","protected":false},"excerpt":{"rendered":"","protected":false},"author":1,"featured_media":0,"parent":0,"menu_order":0,"comment_status":"closed","ping_status":"closed","template":"100-width.php","meta":{"footnotes":""},"class_list":["post-9","page","type-page","status-publish","hentry"],"yoast_head":"<!-- This site is optimized with the Yoast SEO plugin v26.0 - https:\/\/yoast.com\/wordpress\/plugins\/seo\/ -->\n<title>Start - Bamberger Segelclub<\/title>\n<meta name=\"robots\" content=\"index, follow, max-snippet:-1, max-image-preview:large, max-video-preview:-1\" \/>\n<link rel=\"canonical\" href=\"https:\/\/bamberger-segelclub.de\/blog\/\" \/>\n<meta property=\"og:locale\" content=\"de_DE\" \/>\n<meta property=\"og:type\" content=\"article\" \/>\n<meta property=\"og:title\" content=\"Start - Bamberger Segelclub\" \/>\n<meta property=\"og:url\" content=\"https:\/\/bamberger-segelclub.de\/blog\/\" \/>\n<meta property=\"og:site_name\" content=\"Bamberger Segelclub\" \/>\n<meta property=\"article:modified_time\" content=\"2025-09-30T09:45:28+00:00\" \/>\n<meta name=\"twitter:card\" content=\"summary_large_image\" \/>\n<meta name=\"twitter:label1\" content=\"Gesch\u00e4tzte Lesezeit\" \/>\n\t<meta name=\"twitter:data1\" content=\"6\u00a0Minuten\" \/>\n<script type=\"application\/ld+json\" class=\"yoast-schema-graph\">{\"@context\":\"https:\/\/schema.org\",\"@graph\":[{\"@type\":\"WebPage\",\"@id\":\"https:\/\/bamberger-segelclub.de\/blog\/\",\"url\":\"https:\/\/bamberger-segelclub.de\/blog\/\",\"name\":\"Start - Bamberger Segelclub\",\"isPartOf\":{\"@id\":\"https:\/\/bamberger-segelclub.de\/blog\/#website\"},\"datePublished\":\"2019-05-26T23:34:34+00:00\",\"dateModified\":\"2025-09-30T09:45:28+00:00\",\"breadcrumb\":{\"@id\":\"https:\/\/bamberger-segelclub.de\/blog\/#breadcrumb\"},\"inLanguage\":\"de\",\"potentialAction\":[{\"@type\":\"ReadAction\",\"target\":[\"https:\/\/bamberger-segelclub.de\/blog\/\"]}]},{\"@type\":\"BreadcrumbList\",\"@id\":\"https:\/\/bamberger-segelclub.de\/blog\/#breadcrumb\",\"itemListElement\":[{\"@type\":\"ListItem\",\"position\":1,\"name\":\"Home\",\"item\":\"https:\/\/bamberger-segelclub.de\/blog\/\"},{\"@type\":\"ListItem\",\"position\":2,\"name\":\"Start\"}]},{\"@type\":\"WebSite\",\"@id\":\"https:\/\/bamberger-segelclub.de\/blog\/#website\",\"url\":\"https:\/\/bamberger-segelclub.de\/blog\/\",\"name\":\"Bamberger Segelclub\",\"description\":\"Segeln und mehr!\",\"potentialAction\":[{\"@type\":\"SearchAction\",\"target\":{\"@type\":\"EntryPoint\",\"urlTemplate\":\"https:\/\/bamberger-segelclub.de\/blog\/?s={search_term_string}\"},\"query-input\":{\"@type\":\"PropertyValueSpecification\",\"valueRequired\":true,\"valueName\":\"search_term_string\"}}],\"inLanguage\":\"de\"}]}<\/script>\n<!-- \/ Yoast SEO plugin. -->","yoast_head_json":{"title":"Start - Bamberger Segelclub","robots":{"index":"index","follow":"follow","max-snippet":"max-snippet:-1","max-image-preview":"max-image-preview:large","max-video-preview":"max-video-preview:-1"},"canonical":"https:\/\/bamberger-segelclub.de\/blog\/","og_locale":"de_DE","og_type":"article","og_title":"Start - Bamberger Segelclub","og_url":"https:\/\/bamberger-segelclub.de\/blog\/","og_site_name":"Bamberger Segelclub","article_modified_time":"2025-09-30T09:45:28+00:00","twitter_card":"summary_large_image","twitter_misc":{"Gesch\u00e4tzte Lesezeit":"6\u00a0Minuten"},"schema":{"@context":"https:\/\/schema.org","@graph":[{"@type":"WebPage","@id":"https:\/\/bamberger-segelclub.de\/blog\/","url":"https:\/\/bamberger-segelclub.de\/blog\/","name":"Start - Bamberger Segelclub","isPartOf":{"@id":"https:\/\/bamberger-segelclub.de\/blog\/#website"},"datePublished":"2019-05-26T23:34:34+00:00","dateModified":"2025-09-30T09:45:28+00:00","breadcrumb":{"@id":"https:\/\/bamberger-segelclub.de\/blog\/#breadcrumb"},"inLanguage":"de","potentialAction":[{"@type":"ReadAction","target":["https:\/\/bamberger-segelclub.de\/blog\/"]}]},{"@type":"BreadcrumbList","@id":"https:\/\/bamberger-segelclub.de\/blog\/#breadcrumb","itemListElement":[{"@type":"ListItem","position":1,"name":"Home","item":"https:\/\/bamberger-segelclub.de\/blog\/"},{"@type":"ListItem","position":2,"name":"Start"}]},{"@type":"WebSite","@id":"https:\/\/bamberger-segelclub.de\/blog\/#website","url":"https:\/\/bamberger-segelclub.de\/blog\/","name":"Bamberger Segelclub","description":"Segeln und mehr!","potentialAction":[{"@type":"SearchAction","target":{"@type":"EntryPoint","urlTemplate":"https:\/\/bamberger-segelclub.de\/blog\/?s={search_term_string}"},"query-input":{"@type":"PropertyValueSpecification","valueRequired":true,"valueName":"search_term_string"}}],"inLanguage":"de"}]}},"_links":{"self":[{"href":"https:\/\/bamberger-segelclub.de\/blog\/wp-json\/wp\/v2\/pages\/9","targetHints":{"allow":["GET"]}}],"collection":[{"href":"https:\/\/bamberger-segelclub.de\/blog\/wp-json\/wp\/v2\/pages"}],"about":[{"href":"https:\/\/bamberger-segelclub.de\/blog\/wp-json\/wp\/v2\/types\/page"}],"author":[{"embeddable":true,"href":"https:\/\/bamberger-segelclub.de\/blog\/wp-json\/wp\/v2\/users\/1"}],"replies":[{"embeddable":true,"href":"https:\/\/bamberger-segelclub.de\/blog\/wp-json\/wp\/v2\/comments?post=9"}],"version-history":[{"count":102,"href":"https:\/\/bamberger-segelclub.de\/blog\/wp-json\/wp\/v2\/pages\/9\/revisions"}],"predecessor-version":[{"id":4457,"href":"https:\/\/bamberger-segelclub.de\/blog\/wp-json\/wp\/v2\/pages\/9\/revisions\/4457"}],"wp:attachment":[{"href":"https:\/\/bamberger-segelclub.de\/blog\/wp-json\/wp\/v2\/media?parent=9"}],"curies":[{"name":"wp","href":"https:\/\/api.w.org\/{rel}","templated":true}]}}